{"id":7,"date":"2016-07-19T14:11:00","date_gmt":"2016-07-19T14:11:00","guid":{"rendered":"http:\/\/bridge76.qodeinteractive.com\/?page_id=7"},"modified":"2026-04-01T11:43:40","modified_gmt":"2026-04-01T15:43:40","slug":"home","status":"publish","type":"page","link":"https:\/\/groupedentis.com\/fr\/","title":{"rendered":"Home"},"content":{"rendered":"<div class=\"wpb-content-wrapper\"><p>[vc_row css_animation=\u00a0\u00bb\u00a0\u00bb row_type=\u00a0\u00bbrow\u00a0\u00bb use_row_as_full_screen_section=\u00a0\u00bbno\u00a0\u00bb type=\u00a0\u00bbgrid\u00a0\u00bb angled_section=\u00a0\u00bbno\u00a0\u00bb text_align=\u00a0\u00bbcenter\u00a0\u00bb background_image=\u00a0\u00bb177&Prime; background_image_as_pattern=\u00a0\u00bbwithout_pattern\u00a0\u00bb el_class=\u00a0\u00bbwhite_text dentiste_qualifies\u00a0\u00bb][vc_column][vc_column_text el_class=\u00a0\u00bbdentiste_qualifies_title\u00a0\u00bb]<\/p>\n<h1 style=\"text-align: center;\"><strong>DENTISTE \u00c0 GATINEAU?<\/strong><\/h1>\n<p>[\/vc_column_text][vc_column_text css=\u00a0\u00bb\u00a0\u00bb el_class=\u00a0\u00bbdentiste_qualifies_text\u00a0\u00bb]<span style=\"font-weight: 400;\">Le Groupe Dentis, c\u2019est une \u00e9quipe qualifi\u00e9e et professionnelle qui saura vous accueillir peu importe votre probl\u00e8me dentaire. L\u2019\u00e9quipe compos\u00e9e de 13 professionnels, hygi\u00e9nistes, assistantes, secr\u00e9taires et gestionnaires, du denturologiste Michel Boss\u00e9, ainsi que des dentistes Dr Pierre-Luc D\u00e9ry, Dr Renald Petit-Fr\u00e8re et Dr Cl\u00e9ment Long, travaillent de concert afin de vous offrir un service personnalis\u00e9 \u00e0 Gatineau.<\/span><\/p>\n<p><span style=\"font-weight: 400;\">Les installations de notre clinique dentaire de Gatineau sont \u00e0 la fine pointe des derni\u00e8res technologies et vous offrent un environnement chaleureux et moderne. <\/span><\/p>\n<h4><strong>Bienvenue aux nouveaux patients!<\/strong><\/h4>\n<p>[\/vc_column_text][\/vc_column][\/vc_row][vc_row row_type=\u00a0\u00bbparallax\u00a0\u00bb parallax_content_width=\u00a0\u00bbin_grid\u00a0\u00bb text_align=\u00a0\u00bbcenter\u00a0\u00bb background_image=\u00a0\u00bb172&Prime; full_screen_section_height=\u00a0\u00bbno\u00a0\u00bb el_class=\u00a0\u00bbwhite_text home_decouvrer\u00a0\u00bb][vc_column][vc_column_text]<\/p>\n<h3 style=\"text-align: center;\">D\u00e9couvrez notre clinique<\/h3>\n<p>[\/vc_column_text][vc_column_text css=\u00a0\u00bb\u00a0\u00bb]<a href='https:\/\/groupedentis.com\/fr\/decouvrez-notre-clinique\/' class='qbutton'>Visitez notre centre dentaire<\/a>[\/vc_column_text][\/vc_column][\/vc_row][vc_row css_animation=\u00a0\u00bb\u00a0\u00bb row_type=\u00a0\u00bbrow\u00a0\u00bb use_row_as_full_screen_section=\u00a0\u00bbno\u00a0\u00bb type=\u00a0\u00bbfull_width\u00a0\u00bb angled_section=\u00a0\u00bbno\u00a0\u00bb text_align=\u00a0\u00bbcenter\u00a0\u00bb background_image_as_pattern=\u00a0\u00bbwithout_pattern\u00a0\u00bb el_class=\u00a0\u00bbwhite_text home_service\u00a0\u00bb][vc_column width=\u00a0\u00bb1\/3&Prime; css=\u00a0\u00bb.vc_custom_1486479448471{background-image: url(https:\/\/groupedentis.com\/wp-content\/uploads\/2016\/07\/s1.jpg?id=173) !important;}\u00a0\u00bb][vc_column_text el_class=\u00a0\u00bbhome_service_tag_holder\u00a0\u00bb]<a href='https:\/\/groupedentis.com\/fr\/dentisterie-generale\/' class='home_service_tag'><\/a>[\/vc_column_text][vc_column_text el_class=\u00a0\u00bbhome_service_text_holder\u00a0\u00bb]<\/p>\n<h3 style=\"text-align: center;\">Dentisterie G\u00e9n\u00e9rale<\/h3>\n<p>[\/vc_column_text][\/vc_column][vc_column width=\u00a0\u00bb1\/3&Prime; css=\u00a0\u00bb.vc_custom_1486479460135{background-image: url(https:\/\/groupedentis.com\/wp-content\/uploads\/2016\/07\/s2.jpg?id=174) !important;}\u00a0\u00bb][vc_column_text el_class=\u00a0\u00bbhome_service_tag_holder\u00a0\u00bb]<a href='https:\/\/groupedentis.com\/fr\/denturologiste\/' class='home_service_tag'><\/a>[\/vc_column_text][vc_column_text el_class=\u00a0\u00bbhome_service_text_holder\u00a0\u00bb]<\/p>\n<h3 style=\"text-align: center;\">Denturologiste<\/h3>\n<p>[\/vc_column_text][\/vc_column][vc_column width=\u00a0\u00bb1\/3&Prime; css=\u00a0\u00bb.vc_custom_1486479469785{background-image: url(https:\/\/groupedentis.com\/wp-content\/uploads\/2016\/07\/s3.jpg?id=175) !important;}\u00a0\u00bb][vc_column_text el_class=\u00a0\u00bbhome_service_tag_holder\u00a0\u00bb]<a href='https:\/\/groupedentis.com\/fr\/urgence-dentaire\/' class='home_service_tag'><\/a>[\/vc_column_text][vc_column_text css=\u00a0\u00bb\u00a0\u00bb el_class=\u00a0\u00bbhome_service_text_holder\u00a0\u00bb]<\/p>\n<h3 style=\"text-align: center;\">Service d&rsquo;urgence<\/h3>\n<p>[\/vc_column_text][\/vc_column][\/vc_row][vc_row css_animation=\u00a0\u00bb\u00a0\u00bb row_type=\u00a0\u00bbrow\u00a0\u00bb use_row_as_full_screen_section=\u00a0\u00bbno\u00a0\u00bb type=\u00a0\u00bbfull_width\u00a0\u00bb angled_section=\u00a0\u00bbno\u00a0\u00bb text_align=\u00a0\u00bbcenter\u00a0\u00bb background_image=\u00a0\u00bb178&Prime; background_image_as_pattern=\u00a0\u00bbwithout_pattern\u00a0\u00bb el_class=\u00a0\u00bbhome_team\u00a0\u00bb][vc_column width=\u00a0\u00bb1\/2&Prime; el_class=\u00a0\u00bbhome_team_sec_one\u00a0\u00bb][vc_column_text]<\/p>\n<h3 style=\"text-align: center;\">Notre \u00c9quipe<\/h3>\n<p>[\/vc_column_text][vc_column_text css=\u00a0\u00bb\u00a0\u00bb el_class=\u00a0\u00bbhome_team_text\u00a0\u00bb]<span style=\"font-weight: 400;\">De concert, nous mettons tout en \u0153uvre pour offrir un service personnalis\u00e9 dans un environnement chaleureux et \u00e0 la fine pointe des derni\u00e8res technologies dans notre clinique dentaire \u00e0 Gatineau.<\/span>[\/vc_column_text][vc_column_text css=\u00a0\u00bb\u00a0\u00bb]<a href='https:\/\/groupedentis.com\/fr\/notre-equipe\/' class='qbutton'>Apprenez-en plus sur notre \u00e9quipe<\/a>[\/vc_column_text][\/vc_column][vc_column width=\u00a0\u00bb1\/2&Prime; el_class=\u00a0\u00bbhome_team_sec_two\u00a0\u00bb][vc_single_image image=\u00a0\u00bb874&Prime; img_size=\u00a0\u00bbfull\u00a0\u00bb qode_css_animation=\u00a0\u00bb\u00a0\u00bb][\/vc_column][\/vc_row][vc_row css_animation=\u00a0\u00bb\u00a0\u00bb row_type=\u00a0\u00bbrow\u00a0\u00bb use_row_as_full_screen_section=\u00a0\u00bbno\u00a0\u00bb type=\u00a0\u00bbgrid\u00a0\u00bb angled_section=\u00a0\u00bbno\u00a0\u00bb text_align=\u00a0\u00bbleft\u00a0\u00bb background_image_as_pattern=\u00a0\u00bbwithout_pattern\u00a0\u00bb el_class=\u00a0\u00bbhome_blog\u00a0\u00bb][vc_column css=\u00a0\u00bb.vc_custom_1486496694473{margin-bottom: 50px !important;}\u00a0\u00bb][vc_column_text]<\/p>\n<h3 style=\"text-align: center;\">Blogue<\/h3>\n<p>[\/vc_column_text][vc_row_inner row_type=\u00a0\u00bbrow\u00a0\u00bb type=\u00a0\u00bbfull_width\u00a0\u00bb text_align=\u00a0\u00bbleft\u00a0\u00bb css_animation=\u00a0\u00bb\u00a0\u00bb][vc_column_inner offset=\u00a0\u00bbvc_col-lg-offset-1 vc_col-lg-10&Prime;]<div class='latest_post_two_holder three_columns'><ul><li class=\"clearfix\"><div class=\"latest_post_two_image\"><a itemprop=\"url\" href=\"https:\/\/groupedentis.com\/fr\/brossage-des-dents-chez-les-enfants\/\"><img loading=\"lazy\" decoding=\"async\" width=\"800\" height=\"565\" src=\"https:\/\/groupedentis.com\/wp-content\/uploads\/2017\/03\/iStock_90669487_SMALL-800x565.jpg\" class=\"attachment-portfolio-landscape size-portfolio-landscape wp-post-image\" alt=\"\" \/><\/a><\/div><div class=\"latest_post_two_inner\" ><div class=\"latest_post_two_text\"><h4 itemprop=\"name\" class=\"latest_post_two_title entry_title\"><a itemprop=\"url\" href=\"https:\/\/groupedentis.com\/fr\/brossage-des-dents-chez-les-enfants\/\" >Brossage des dents chez les enfants<\/a><\/h4><div class=\"separator small left\" ><\/div><p itemprop=\"description\" class=\"latest_post_two_excerpt\" >GroupeDentis\u00a0Dr.D\u00e9ry : Vous \u00eates fatigu\u00e9(e) de vous battre avec votre enfant pour le motiver \u00e0 brosser ses dents ? Voici un article int\u00e9ressant rempli<\/p><\/div><div class=\"latest_post_two_info\" ><div class=\"latest_post_two_info_inner\" ><div class=\"post_info_author\"><img alt='Author Image' src='https:\/\/secure.gravatar.com\/avatar\/0ea765ec0caabdb6dd29543455c2e2f490fffd5ec0a1ded86bacb1d5d58ae623?s=30&#038;d=mm&#038;r=g' srcset='https:\/\/secure.gravatar.com\/avatar\/0ea765ec0caabdb6dd29543455c2e2f490fffd5ec0a1ded86bacb1d5d58ae623?s=60&#038;d=mm&#038;r=g 2x' class='avatar avatar-30 photo' height='30' width='30' \/><span class=\"post_info_author_name\">yweb_admin<\/span><\/div><div itemprop=\"dateCreated\" class=\"post_info_date entry_date updated\">28 mars, 2017<meta itemprop=\"interactionCount\" content=\"UserComments: <?php echo get_comments_number(qode_get_page_id()); ?>\"\/><\/div><\/div><\/div><\/div><\/li><li class=\"clearfix\"><div class=\"latest_post_two_image\"><a itemprop=\"url\" href=\"https:\/\/groupedentis.com\/fr\/les-caries-des-tout-petits\/\"><img loading=\"lazy\" decoding=\"async\" width=\"509\" height=\"339\" src=\"https:\/\/groupedentis.com\/wp-content\/uploads\/2017\/03\/children-dentistry.jpg\" class=\"attachment-portfolio-landscape size-portfolio-landscape wp-post-image\" alt=\"\" srcset=\"https:\/\/groupedentis.com\/wp-content\/uploads\/2017\/03\/children-dentistry.jpg 509w, https:\/\/groupedentis.com\/wp-content\/uploads\/2017\/03\/children-dentistry-300x200.jpg 300w\" sizes=\"auto, (max-width: 509px) 100vw, 509px\" \/><\/a><\/div><div class=\"latest_post_two_inner\" ><div class=\"latest_post_two_text\"><h4 itemprop=\"name\" class=\"latest_post_two_title entry_title\"><a itemprop=\"url\" href=\"https:\/\/groupedentis.com\/fr\/les-caries-des-tout-petits\/\" >Les caries des tout-petits<\/a><\/h4><div class=\"separator small left\" ><\/div><p itemprop=\"description\" class=\"latest_post_two_excerpt\" >GroupeDentis\u00a0Dr.D\u00e9ry\u00a0: Voici un article r\u00e9cent de Radio-Canada sur les caries des tout-petits. Notez en d\u00e9but d\u2019article la pr\u00e9valence impressionnante <\/p><\/div><div class=\"latest_post_two_info\" ><div class=\"latest_post_two_info_inner\" ><div class=\"post_info_author\"><img alt='Author Image' src='https:\/\/secure.gravatar.com\/avatar\/0ea765ec0caabdb6dd29543455c2e2f490fffd5ec0a1ded86bacb1d5d58ae623?s=30&#038;d=mm&#038;r=g' srcset='https:\/\/secure.gravatar.com\/avatar\/0ea765ec0caabdb6dd29543455c2e2f490fffd5ec0a1ded86bacb1d5d58ae623?s=60&#038;d=mm&#038;r=g 2x' class='avatar avatar-30 photo' height='30' width='30' \/><span class=\"post_info_author_name\">yweb_admin<\/span><\/div><div itemprop=\"dateCreated\" class=\"post_info_date entry_date updated\">28 mars, 2017<meta itemprop=\"interactionCount\" content=\"UserComments: <?php echo get_comments_number(qode_get_page_id()); ?>\"\/><\/div><\/div><\/div><\/div><\/li><li class=\"clearfix\"><div class=\"latest_post_two_image\"><a itemprop=\"url\" href=\"https:\/\/groupedentis.com\/fr\/la-mauvaise-haleine\/\"><img loading=\"lazy\" decoding=\"async\" width=\"540\" height=\"405\" src=\"https:\/\/groupedentis.com\/wp-content\/uploads\/2017\/03\/Le-brossage-des-dents-evite-t-il-la-mauvaise-haleine_exact540x405_l.jpg\" class=\"attachment-portfolio-landscape size-portfolio-landscape wp-post-image\" alt=\"\" srcset=\"https:\/\/groupedentis.com\/wp-content\/uploads\/2017\/03\/Le-brossage-des-dents-evite-t-il-la-mauvaise-haleine_exact540x405_l.jpg 540w, https:\/\/groupedentis.com\/wp-content\/uploads\/2017\/03\/Le-brossage-des-dents-evite-t-il-la-mauvaise-haleine_exact540x405_l-300x225.jpg 300w\" sizes=\"auto, (max-width: 540px) 100vw, 540px\" \/><\/a><\/div><div class=\"latest_post_two_inner\" ><div class=\"latest_post_two_text\"><h4 itemprop=\"name\" class=\"latest_post_two_title entry_title\"><a itemprop=\"url\" href=\"https:\/\/groupedentis.com\/fr\/la-mauvaise-haleine\/\" >La mauvaise haleine<\/a><\/h4><div class=\"separator small left\" ><\/div><p itemprop=\"description\" class=\"latest_post_two_excerpt\" >GroupeDentis\u00a0Dr.D\u00e9ry\u00a0: La mauvaise haleine ! Encore une fois, ce probl\u00e8me peut survenir pour une foule de raisons. Voici un petit vid\u00e9o expliquant som<\/p><\/div><div class=\"latest_post_two_info\" ><div class=\"latest_post_two_info_inner\" ><div class=\"post_info_author\"><img alt='Author Image' src='https:\/\/secure.gravatar.com\/avatar\/0ea765ec0caabdb6dd29543455c2e2f490fffd5ec0a1ded86bacb1d5d58ae623?s=30&#038;d=mm&#038;r=g' srcset='https:\/\/secure.gravatar.com\/avatar\/0ea765ec0caabdb6dd29543455c2e2f490fffd5ec0a1ded86bacb1d5d58ae623?s=60&#038;d=mm&#038;r=g 2x' class='avatar avatar-30 photo' height='30' width='30' \/><span class=\"post_info_author_name\">yweb_admin<\/span><\/div><div itemprop=\"dateCreated\" class=\"post_info_date entry_date updated\">28 mars, 2017<meta itemprop=\"interactionCount\" content=\"UserComments: <?php echo get_comments_number(qode_get_page_id()); ?>\"\/><\/div><\/div><\/div><\/div><\/li><\/ul><\/div>[\/vc_column_inner][\/vc_row_inner][vc_row_inner row_type=\u00a0\u00bbrow\u00a0\u00bb type=\u00a0\u00bbfull_width\u00a0\u00bb text_align=\u00a0\u00bbleft\u00a0\u00bb css_animation=\u00a0\u00bb\u00a0\u00bb][vc_column_inner el_class=\u00a0\u00bbtext-align-center\u00a0\u00bb][vc_column_text]<a href='https:\/\/groupedentis.com\/fr\/blogue\/' class='qbutton'>Voir tous nos articles<\/a>[\/vc_column_text][\/vc_column_inner][\/vc_row_inner][vc_separator type=\u00a0\u00bbnormal\u00a0\u00bb transparency=\u00a0\u00bb0&Prime; thickness=\u00a0\u00bb30px\u00a0\u00bb][\/vc_column][\/vc_row][vc_row css_animation=\u00a0\u00bb\u00a0\u00bb row_type=\u00a0\u00bbrow\u00a0\u00bb use_row_as_full_screen_section=\u00a0\u00bbno\u00a0\u00bb type=\u00a0\u00bbfull_width\u00a0\u00bb angled_section=\u00a0\u00bbno\u00a0\u00bb text_align=\u00a0\u00bbleft\u00a0\u00bb background_image_as_pattern=\u00a0\u00bbwithout_pattern\u00a0\u00bb el_class=\u00a0\u00bbhome_google_map\u00a0\u00bb][vc_column]<div class='google_map_shortcode_holder' style='height:480px;'><div class='qode_google_map' style='height:480px;' id='map_canvas_68881' data-addresses='[\"61 Rue Bellehumeur #101 Gatineau, QC J8T 6K5\"]' data-custom-map-style='false' data-color-overlay='#393939' data-saturation='-100' data-lightness='-60' data-zoom='16' data-pin='https:\/\/groupedentis.com\/wp-content\/uploads\/2016\/07\/marker.png' data-unique-id='68881' data-google-maps-scroll-wheel='false' data-map-height='480'><\/div><div class='google_map_shortcode_overlay'><\/div><\/div>[vc_row_inner row_type=\u00a0\u00bbrow\u00a0\u00bb type=\u00a0\u00bbfull_width\u00a0\u00bb text_align=\u00a0\u00bbleft\u00a0\u00bb css_animation=\u00a0\u00bb\u00a0\u00bb el_class=\u00a0\u00bbaddress-box-dist\u00a0\u00bb][vc_column_inner width=\u00a0\u00bb5\/6&Prime; offset=\u00a0\u00bbvc_col-lg-12 vc_col-xs-12&Prime;][vc_column_text]<\/p>\n<h4>Le Groupe Dentis<\/h4>\n<p><a href=\"https:\/\/www.google.ca\/maps\/place\/Groupe+Dentis\/@45.4753333,-75.6942422,17z\/data=!4m13!1m7!3m6!1s0x4cce1b3f2570e99f:0x742afb823b103b0a!2s61+Rue+Bellehumeur+%23101,+Gatineau,+QC+J8T+6K5!3b1!8m2!3d45.4753333!4d-75.6920535!3m4!1s0x4cce1b4753487dc5:0xe2c96469daf7dad7!8m2!3d45.4753686!4d-75.6920571\" target=\"_blank\" rel=\"noopener noreferrer\">61 Rue Bellehumeur, suite 101 Gatineau<br\/>Qu\u00e9bec, J8T 6K5<\/a><\/p>\n<p>&nbsp;<\/p>\n<p>Phone: <a href='tel:8192469191'>819 246-9191<\/a><\/p>\n<p>&nbsp;<\/p>\n<p><p><strong>Lundi :<strong> 08 h 00 - 20 h 00<\/p><p><strong>Mardi :<\/strong> 08 h 00 - 19 h 00<\/p><p><strong>Mercredi :<\/strong> 08 h 00 - 17 h 00<\/p><p><strong>Jeudi :<\/strong> 08 h 00 - 19 h 00<\/p><p><strong>Vendredi :<\/strong> 08 h 00 - 15 h 30<\/p><p><strong>Samedi et dimanche:<\/strong> ferm\u00e9<\/p><p><strong>Ferm\u00e9 les jours f\u00e9ri\u00e9s du Qu\u00e9bec<\/strong><\/p>[\/vc_column_text][\/vc_column_inner][\/vc_row_inner][\/vc_column][\/vc_row]<\/p>\n<\/div>","protected":false},"excerpt":{"rendered":"<p>[vc_row css_animation=\u00a0\u00bb\u00a0\u00bb row_type=\u00a0\u00bbrow\u00a0\u00bb use_row_as_full_screen_section=\u00a0\u00bbno\u00a0\u00bb type=\u00a0\u00bbgrid\u00a0\u00bb angled_section=\u00a0\u00bbno\u00a0\u00bb text_align=\u00a0\u00bbcenter\u00a0\u00bb background_image=\u00a0\u00bb177&Prime; background_image_as_pattern=\u00a0\u00bbwithout_pattern\u00a0\u00bb el_class=\u00a0\u00bbwhite_text dentiste_qualifies\u00a0\u00bb][vc_column][vc_column_text el_class=\u00a0\u00bbdentiste_qualifies_title\u00a0\u00bb] DENTISTE \u00c0 GATINEAU? [\/vc_column_text][vc_column_text css=\u00a0\u00bb\u00a0\u00bb el_class=\u00a0\u00bbdentiste_qualifies_text\u00a0\u00bb]Le Groupe Dentis, c\u2019est une \u00e9quipe qualifi\u00e9e et professionnelle qui saura vous accueillir peu importe votre probl\u00e8me dentaire. L\u2019\u00e9quipe compos\u00e9e de 13 professionnels, hygi\u00e9nistes, assistantes, secr\u00e9taires et gestionnaires,&#8230;<\/p>\n","protected":false},"author":1,"featured_media":0,"parent":0,"menu_order":0,"comment_status":"closed","ping_status":"closed","template":"full_width.php","meta":{"_acf_changed":false,"footnotes":""},"class_list":["post-7","page","type-page","status-publish","hentry"],"acf":[],"_links":{"self":[{"href":"https:\/\/groupedentis.com\/fr\/wp-json\/wp\/v2\/pages\/7","targetHints":{"allow":["GET"]}}],"collection":[{"href":"https:\/\/groupedentis.com\/fr\/wp-json\/wp\/v2\/pages"}],"about":[{"href":"https:\/\/groupedentis.com\/fr\/wp-json\/wp\/v2\/types\/page"}],"author":[{"embeddable":true,"href":"https:\/\/groupedentis.com\/fr\/wp-json\/wp\/v2\/users\/1"}],"replies":[{"embeddable":true,"href":"https:\/\/groupedentis.com\/fr\/wp-json\/wp\/v2\/comments?post=7"}],"version-history":[{"count":3,"href":"https:\/\/groupedentis.com\/fr\/wp-json\/wp\/v2\/pages\/7\/revisions"}],"predecessor-version":[{"id":1151,"href":"https:\/\/groupedentis.com\/fr\/wp-json\/wp\/v2\/pages\/7\/revisions\/1151"}],"wp:attachment":[{"href":"https:\/\/groupedentis.com\/fr\/wp-json\/wp\/v2\/media?parent=7"}],"curies":[{"name":"wp","href":"https:\/\/api.w.org\/{rel}","templated":true}]}}