{"id":125,"date":"2016-07-22T10:46:10","date_gmt":"2016-07-22T10:46:10","guid":{"rendered":"http:\/\/bridge76.qodeinteractive.com\/?page_id=125"},"modified":"2025-05-29T11:07:00","modified_gmt":"2025-05-29T15:07:00","slug":"gestion-carrieres","status":"publish","type":"page","link":"https:\/\/groupedentis.com\/fr\/gestion-carrieres\/","title":{"rendered":"Gestion carri\u00e8res"},"content":{"rendered":"<div class=\"wpb-content-wrapper\"><p>[vc_row css_animation=\u00a0\u00bb\u00a0\u00bb row_type=\u00a0\u00bbrow\u00a0\u00bb use_row_as_full_screen_section=\u00a0\u00bbno\u00a0\u00bb type=\u00a0\u00bbfull_width\u00a0\u00bb angled_section=\u00a0\u00bbno\u00a0\u00bb text_align=\u00a0\u00bbleft\u00a0\u00bb background_image=\u00a0\u00bb177&Prime; background_image_as_pattern=\u00a0\u00bbwithout_pattern\u00a0\u00bb el_class=\u00a0\u00bbwhite_text dentiste_qualifies\u00a0\u00bb][vc_column css=\u00a0\u00bb.vc_custom_1490975601782{margin-top: 20px !important;margin-bottom: 20px !important;}\u00a0\u00bb el_class=\u00a0\u00bbmobile-fix-text\u00a0\u00bb][vc_column_text css=\u00a0\u00bb\u00a0\u00bb el_class=\u00a0\u00bbdentiste_qualifies_text\u00a0\u00bb]<span style=\"font-weight: 400;\">La gestion de carri\u00e8re est un aspect capital au sein des petites et moyennes entreprises modernes. C\u2019est pourquoi la clinique dentaire Le Groupe Dentis emploie une conseill\u00e8re en ressources humaines Agr\u00e9\u00e9e afin d\u2019assurer sa croissance et le maintien de l\u2019harmonie en milieu de travail.<\/span><\/p>\n<p><span style=\"font-weight: 400;\">Que ce soit pour la sant\u00e9 ou la s\u00e9curit\u00e9 au travail, ou pour la conciliation travail-famille, Le Groupe Dentis offre \u00e0 ses employ\u00e9s un environnement sain et stimulant.\u00a0 Nous travaillons toujours en \u00e9quipe afin d\u2019assurer l\u2019\u00e9ducation et la sant\u00e9 dentaire de chaque patient, et d\u2019am\u00e9liorer les techniques de travail.<\/span><\/p>\n<p><span style=\"font-weight: 400;\">D\u2019ailleurs, Le Groupe Dentis a pour philosophie que le d\u00e9veloppement et le maintien des comp\u00e9tences se doit d\u2019\u00eatre \u00e0 l\u2019avant plan de nos pr\u00e9occupations. Ainsi, les dentistes et hygi\u00e9nistes dentaires de la clinique participent aux Journ\u00e9es Dentaires Internationales du Qu\u00e9bec de Montr\u00e9al \u00e0 chaque ann\u00e9e.<\/span>[\/vc_column_text][\/vc_column][\/vc_row][vc_row css_animation=\u00a0\u00bb\u00a0\u00bb row_type=\u00a0\u00bbrow\u00a0\u00bb use_row_as_full_screen_section=\u00a0\u00bbno\u00a0\u00bb type=\u00a0\u00bbgrid\u00a0\u00bb angled_section=\u00a0\u00bbno\u00a0\u00bb text_align=\u00a0\u00bbleft\u00a0\u00bb background_image_as_pattern=\u00a0\u00bbwithout_pattern\u00a0\u00bb][vc_column css=\u00a0\u00bb.vc_custom_1490975611145{margin-top: 50px !important;margin-bottom: 50px !important;}\u00a0\u00bb el_class=\u00a0\u00bbmobile-fix-text\u00a0\u00bb][vc_empty_space height=\u00a0\u00bb64px\u00a0\u00bb][vc_column_text css=\u00a0\u00bb.vc_custom_1486652101176{margin-bottom: 30px !important;}\u00a0\u00bb]<\/p>\n<h2 style=\"text-align: center;\">Stages &amp; formations<\/h2>\n<p>[\/vc_column_text][vc_empty_space][vc_row_inner row_type=\u00a0\u00bbrow\u00a0\u00bb type=\u00a0\u00bbfull_width\u00a0\u00bb text_align=\u00a0\u00bbleft\u00a0\u00bb css_animation=\u00a0\u00bb\u00a0\u00bb][vc_column_inner offset=\u00a0\u00bbvc_col-lg-6 vc_col-xs-12&Prime;][vc_column_text css=\u00a0\u00bb.vc_custom_1748530977960{padding-right: 20px !important;}\u00a0\u00bb]<span style=\"font-weight: 400;\">Le Groupe Dentis se fait un devoir d\u2019accompagner la r\u00e9ussite de la rel\u00e8ve dans le domaine dentaire.\u00a0 C\u2019est pourquoi, nous nous impliquons dans la formation de nouveaux professionnels dentaires en int\u00e9grant r\u00e9guli\u00e8rement des \u00e9tudiants stagiaires \u00e0 notre \u00e9quipe. Nous d\u00e9sirons d\u2019ailleurs souligner l\u2019excellence des stagiaires qui ont int\u00e9gr\u00e9 l\u2019\u00e9quipe \u00e0 la suite de l\u2019obtention de leurs dipl\u00f4mes.<\/span><\/p>\n<p>&nbsp;<\/p>\n<p><span style=\"font-weight: 400;\">F\u00e9licitations aux gradu\u00e9es Sarah Brunet et Fanny Talbot-Philion, toutes deux ayant fait leur stage chez Le Groupe Dentis. De la promotion 2014, Sarah Brunet assiste d\u00e9sormais le Dr. Boisvert, et plus r\u00e9cemment, de la promotion 2016, Fanny Talbot-Philion assiste la Dre. Benhaddadi.<\/span><\/p>\n<p>&nbsp;<\/p>\n<p><span style=\"font-weight: 400;\">Bienvenue \u00e0 notre stagiaire 2017 Johanie Lagac\u00e9. Johanie termine sa formation en Avril au centre de formation professionnelle Vision-Avenir sous la supervision de Lyne Duch\u00eanes. Elle ex\u00e9cute pr\u00e9sentement son stage d\u2019assistante dentaire chez Le Groupe Dentis.<\/span><\/p>\n<p>&nbsp;<\/p>\n<p><span style=\"font-weight: 400;\">Le Groupe Dentis est fier d\u2019accueillir les stagiaires au sein de son organisation et de souligner leurs r\u00e9ussites.<\/span><\/p>\n<p>&nbsp;<\/p>\n<p><strong><span style=\"font-weight: 400;\">Vous d\u00e9sirez faire partie de notre \u00e9quipe et conna\u00eetre les diff\u00e9rents avantages \u00e0 travailler chez Le Groupe Dentis \u00e0 Gatineau ?\u00a0 Vous pouvez d\u00e8s aujourd\u2019hui nous faire parvenir <\/span>curriculum vitae ou nous \u00e9crire<\/strong> \u00e0 <a href=\"mailto:administration@groupedentis.com\">administration@groupedentis.com<\/a>[\/vc_column_text][\/vc_column_inner][vc_column_inner offset=\u00a0\u00bbvc_col-lg-6 vc_col-xs-12&Prime;][vc_column_text css=\u00a0\u00bb.vc_custom_1748531115543{padding-left: 20px !important;}\u00a0\u00bb]<b>Une carri\u00e8re dans le domaine dentaire vous int\u00e9resse?<\/b><\/p>\n<p>&nbsp;<\/p>\n<p><span style=\"font-weight: 400;\">Le centre de formation professionnelle Vision-Avenir offre une formation compl\u00e8te en assistance dentaire.\u00a0 Pour plus d\u2019information vous pouvez consulter le :<\/span><\/p>\n<p>&nbsp;<\/p>\n<p><a href=\"https:\/\/visionavenir.cspo.qc.ca\/\">https:\/\/visionavenir.cspo.qc.ca\/<\/a>.<\/p>\n<p>(819)771-7620 poste 860710<\/p>\n<p>Superviseur\u00a0de stage: Lyne Duchesne<\/p>\n<p>Chef de groupe\u00a0: Mona Leduc<\/p>\n<p>Gestionnaire\u00a0: \u00c9milie Dub\u00e9<\/p>\n<p>&nbsp;<\/p>\n<p><span style=\"font-weight: 400;\">Le C\u00e9gep de l\u2019Outaouais offre une formation de technique en hygi\u00e8ne dentaire. La Dre. Houria Benhaddadi participe d\u2019ailleurs \u00e0 la formation des Hygi\u00e9nistes Dentaire au CEGEP de l\u2019Outaouais en tant qu\u2019enseignante depuis 2016. Pour plus d\u2019information vous pouvez consulter le :<\/span><\/p>\n<p><a href=\"https:\/\/cegepoutaouais.qc.ca\/programmes\/programmes-techniques\/sante-et-services-sociaux\/hygiene-dentaire\/\">https:\/\/www.cegepoutaouais.qc.ca<\/a>[\/vc_column_text][\/vc_column_inner][\/vc_row_inner][vc_empty_space height=\u00a0\u00bb64px\u00a0\u00bb][\/vc_column][\/vc_row]<\/p>\n<\/div>","protected":false},"excerpt":{"rendered":"<p>[vc_row css_animation=\u00a0\u00bb\u00a0\u00bb row_type=\u00a0\u00bbrow\u00a0\u00bb use_row_as_full_screen_section=\u00a0\u00bbno\u00a0\u00bb type=\u00a0\u00bbfull_width\u00a0\u00bb angled_section=\u00a0\u00bbno\u00a0\u00bb text_align=\u00a0\u00bbleft\u00a0\u00bb background_image=\u00a0\u00bb177&Prime; background_image_as_pattern=\u00a0\u00bbwithout_pattern\u00a0\u00bb el_class=\u00a0\u00bbwhite_text dentiste_qualifies\u00a0\u00bb][vc_column css=\u00a0\u00bb.vc_custom_1490975601782{margin-top: 20px !important;margin-bottom: 20px !important;}\u00a0\u00bb el_class=\u00a0\u00bbmobile-fix-text\u00a0\u00bb][vc_column_text css=\u00a0\u00bb\u00a0\u00bb el_class=\u00a0\u00bbdentiste_qualifies_text\u00a0\u00bb]La gestion de carri\u00e8re est un aspect capital au sein des petites et moyennes entreprises modernes. C\u2019est pourquoi la clinique dentaire Le Groupe Dentis emploie une conseill\u00e8re&#8230;<\/p>\n","protected":false},"author":1,"featured_media":0,"parent":0,"menu_order":0,"comment_status":"closed","ping_status":"closed","template":"full_width.php","meta":{"_acf_changed":false,"footnotes":""},"class_list":["post-125","page","type-page","status-publish","hentry"],"acf":[],"_links":{"self":[{"href":"https:\/\/groupedentis.com\/fr\/wp-json\/wp\/v2\/pages\/125","targetHints":{"allow":["GET"]}}],"collection":[{"href":"https:\/\/groupedentis.com\/fr\/wp-json\/wp\/v2\/pages"}],"about":[{"href":"https:\/\/groupedentis.com\/fr\/wp-json\/wp\/v2\/types\/page"}],"author":[{"embeddable":true,"href":"https:\/\/groupedentis.com\/fr\/wp-json\/wp\/v2\/users\/1"}],"replies":[{"embeddable":true,"href":"https:\/\/groupedentis.com\/fr\/wp-json\/wp\/v2\/comments?post=125"}],"version-history":[{"count":3,"href":"https:\/\/groupedentis.com\/fr\/wp-json\/wp\/v2\/pages\/125\/revisions"}],"predecessor-version":[{"id":1088,"href":"https:\/\/groupedentis.com\/fr\/wp-json\/wp\/v2\/pages\/125\/revisions\/1088"}],"wp:attachment":[{"href":"https:\/\/groupedentis.com\/fr\/wp-json\/wp\/v2\/media?parent=125"}],"curies":[{"name":"wp","href":"https:\/\/api.w.org\/{rel}","templated":true}]}}